{"id":118,"date":"2025-09-23T16:30:33","date_gmt":"2025-09-23T14:30:33","guid":{"rendered":"https:\/\/parlonsdedemain.net\/?page_id=118"},"modified":"2026-01-21T17:25:23","modified_gmt":"2026-01-21T16:25:23","slug":"rencontres-2015","status":"publish","type":"page","link":"https:\/\/parlonsdedemain.net\/index.php\/rencontres-2015\/","title":{"rendered":"Rencontres 2015"},"content":{"rendered":"\n<p><a href=\"https:\/\/www.lanouvellerepublique.fr\/indre-et-loire\/commune\/avon-les-roches\/belles-rencontres-en-bouchardais\" target=\"_blank\" rel=\"noreferrer noopener\">Article NR<\/a><\/p>\n\n\n\n<p>Les Rencontres ont r\u00e9uni les 25 et 26 juillet quelques 300 personnes mobilis\u00e9es sur le chemin de la transition. Chaque journ\u00e9e s&#8217;est ouverte par une balade de d\u00e9couverte du village, patrimoine et nature \u00e9taient au menu.<\/p>\n\n\n\n<p>Le samedi l&#8217;exposition et les conf\u00e9rences ont trouv\u00e9 un public attentif et tr\u00e8s participatif. Les th\u00e8mes de la production d&#8217;\u00e9nergie (quel mod\u00e8le) et le revenu universel de base (quelle soci\u00e9t\u00e9) ont passionn\u00e9 l&#8217;assistance. En petit comit\u00e9 une visioconf\u00e9rence avec Eindhoven a permis un \u00e9change riche et amical avec les Pays Bas.<\/p>\n\n\n\n<p>La soir\u00e9e au caf\u00e9 &#8220;\u00e9ph\u00e9m\u00e8re&#8221; d&#8217;Avon les Roches a d\u00e9but\u00e9 par un vin d&#8217;honneur auquel a succ\u00e9d\u00e9 le repas pris en commun. Les &#8220;Grandes Bouches&#8221; ont ensuite r\u00e9joui les c\u0153urs avec leur musique, leur humour et leur po\u00e9sie offerts \u00e0 un public ravi.<\/p>\n\n\n\n<p>Le dimanche, malgr\u00e9 un temps pluvieux et vent\u00e9, le public \u00e9tait au rendez-vous. Chacun a pu d\u00e9couvrir les ateliers et participer \u00e0 2 conf\u00e9rences, sur la monnaie locale et sur le regard des jeunes sur le futur. Cette derni\u00e8re conf\u00e9rence \u00e9tait anim\u00e9e par 5 \u00e9tudiantes des &#8220;\u00c9chos d&#8217;la Terre&#8221; venues de Tours pour pr\u00e9senter leur film &#8220;<a href=\"https:\/\/parlonsdedemain.net\/wp-content\/uploads\/2026\/01\/Par-nos-yeux-presente-par-leurs-autrices-aux-Rencontres-de-2016.mp4\" target=\"_blank\" rel=\"noreferrer noopener\"><strong>Par nos yeux<\/strong><\/a>&#8221; et expliquer leur d\u00e9marche.\u00a0 Le public adulte y a d\u00e9couvert \u00e0 la fois de l&#8217;inqui\u00e9tude chez les jeunes mais aussi un grand espoir dans la lucidit\u00e9 et l&#8217;engagement des nouvelles g\u00e9n\u00e9rations.<\/p>\n\n\n\n<p>Les producteurs locaux ont bien assur\u00e9 le ravitaillement et se sont dits tr\u00e8s satisfaits de leur journ\u00e9e et d\u00e9clarent souhaiter ce type de manifestation dans tous les villages.<\/p>\n\n\n\n<p>Pour ces 3\u00e8mes Rencontres en Bouchardais, c&#8217;est donc carton plein pour les organisateurs malgr\u00e9 le mauvais temps du dimanche et encore quelques probl\u00e8mes d&#8217;organisation \u00e0 r\u00e9gler.<\/p>\n\n\n\n<p>La COP21 aura lieu \u00e0 Paris en d\u00e9cembre, associations et citoyens se r\u00e9unissent et engagent d\u2019ors et d\u00e9j\u00e0 diff\u00e9rentes actions de pr\u00e9paration \u00e0 cet \u00e9v\u00e8nement. Les Rencontres du Bouchardais s\u2019ins\u00e8rent dans cette dynamique et seront l\u2019occasion d\u2019\u00e9changes d\u2019id\u00e9es avec des acteurs venus de diff\u00e9rents horizons. Un grand nombre de personnes et d\u2019associations ont r\u00e9pondu pr\u00e9sents pour montrer qu\u2019une autre logique de vie est d\u00e9j\u00e0 \u00e0 l\u2019\u0153uvre sur le chemin de la transition et que nos territoires ne manque pas de talents et d\u2019id\u00e9es.<br><br>Les probl\u00e8mes clefs du 21\u00e8me si\u00e8cle ne se r\u00e9soudront pas seulement par de grandes initiatives nationales ou internationales, ils doivent d\u2019abord \u00eatre trait\u00e9s \u00e0 l\u2019\u00e9chelle locale. Chaque individu et chaque communaut\u00e9 doit travailler \u00e0 am\u00e9liorer son interaction avec l\u2019environnement proche afin de le pr\u00e9server. A l\u2019occasion de rencontres et d\u2019\u00e9changes avec un \u00e9tat d\u2019esprit cr\u00e9atif et innovant, l\u2019association \u00ab Parlons de Demain ! \u00bb entend favoriser le partage au sein d\u2019un territoire et cr\u00e9er collectivement les conditions d\u2019une \u00e9volution favorable pour le 21\u00e8me si\u00e8cle. L\u2019association souhaite restaurer la m\u00e9moire des actions positives et mettre en lumi\u00e8re les actions de d\u00e9veloppement \u00e9quilibr\u00e9es et respectueuses de la nature. Il nous faut assumer la transition et apprendre \u00e0 nous reconstruire face aux effets du changement climatique et \u00e0 l\u2019impact de la fin des \u00e9nergies carbon\u00e9es. Quelque soit nos id\u00e9es sur ces questions, il est imp\u00e9ratif d\u2019en parler afin de d\u00e9couvrir quels seront les nouveaux paradigmes de vie et comment assumer la transition. <\/p>\n\n\n\n<p class=\"has-text-align-center has-accent-color has-text-color has-link-color wp-elements-4cc28e691f276840c7cbda8523b26028\"><em><strong>Le samedi 25 juillet <\/strong><\/em><\/p>\n\n\n\n<p>9h30 Balade accompagn\u00e9e vers les Roches Tranchelion, accompagnant Michel Meneau<br>12h00 Retour au village et pique-nique tir\u00e9 du sac (d\u00e9gustation et quelques provisions sur place)<br>14h00 Ouverture de l&#8217;exposition \u00e0 la salle des f\u00eates<br>14h30 conf\u00e9rence d\u2019Avoine (nucl\u00e9aire) \u00e0 Avon (solaire), quel mod\u00e8le \u00e9nerg\u00e9tique? D. Boutin (Sepant)<br>16h00 Visioconf\u00e9rence avec les Pays Bas, \u00e9change en visio-conf\u00e9rence entre le FabLab n\u00e9erlandais MADspace (Eindhoven) et les participants Fran\u00e7ais (Avons-Les-Roches) dans le cadre des Rencontres du Bouchardais 2015<br>18h30 &#8220;Les d\u00e9lices du caf\u00e9&#8221;, du &#8220;caf\u00e9 \u00e9ph\u00e9m\u00e8re&#8221; au caf\u00e9 associatif-<br>21h00-23h00 Soir\u00e9e au caf\u00e9, boire-manger-chanter avec Les Grandes Bouches<\/p>\n\n\n\n<p class=\"has-text-align-center has-accent-color has-text-color has-link-color wp-elements-f11853f613d7da8459cdec6f6bde32e8\"><strong><em>Le dimanche 26 juillet<\/em><\/strong><\/p>\n\n\n\n<p>9h30 La balade accompagn\u00e9e vers le Bois de la Salle<br>12h00 Retour au village, pique-nique tir\u00e9 du sac et d\u00e9gustation de produits locaux<br>10h00-19h00 D\u00e9couvertes-Rencontres-Cr\u00e9ations au &#8220;Village d&#8217;id\u00e9es&#8221;<br>&#8211; Paligloo, auto construction en terre et chantier participatif, Romain<br>&#8211; Kerterre, auto construction en chaux\/chanvre, Laurence, Aline et David<br>&#8211; Alter&#8217;\u00e9nergies, enduits terre, Pascal, Jean-Fran\u00e7ois et Corinne<br>&#8211; \u00c9nergies renouvelables, Forent, Atelier du Soleil et du Vent<br>&#8211; Open Source Ecology France, Didier projet personnel en open source<br>&#8211; Cr\u00e9ations et nature, Paola, Nature Cr\u00e9ative<br>&#8211; Cr\u00e9er un \u00e9co-site, Odette et Vincent, Nature Cr\u00e9ative<br>&#8211; L&#8217;agro\u00e9cologie, Aur\u00e9lien<br>&#8211; La Recycle&#8217;rit, une 2\u00e8me vie pour les objets, Marion et Rebecca<br>&#8211; Atelier Recycl&#8217;Art, recyclage artistique, Brigitte<br>&#8211; Atelier enfants, Catherine &#8220;Le jardin de Caracol&#8221; et Cathy &#8220;Association K8 Transmission&#8221;<\/p>\n\n\n\n<p class=\"has-accent-color has-text-color has-link-color wp-elements-90c562373505ac264aab15e97f2cce0c\"><em><strong>Les conf\u00e9rences\/d\u00e9bats<\/strong><\/em><\/p>\n\n\n\n<p>14h00 Des plantes et des hommes, le jardin de Th\u00e9r\u00e8se<br>15h30 Les \u00c9chos d&#8217;la Terre, regard de la jeunesse sur l&#8217;environnement<br>16h30 Les monnaies locales, Alain &#8220;La Muse&#8221;<\/p>\n\n\n\n<p class=\"has-accent-color has-text-color has-link-color wp-elements-f058d4f2e4115c45b0e961af0994d79a\"><strong><em>A voir, \u00e0 lire et \u00e0 dire, doc et infos<\/em><\/strong><\/p>\n\n\n\n<p>&#8211; Maisons paysannes de Touraine, Jean-Fran\u00e7ois<br>&#8211; Sol&#8217;Yanesha et le groupe Touraine de La Fibre Textile, \u00e9change et transmission de savoirs &#8220;Ici et l\u00e0-bas&#8221;<br>&#8211; Sepant, &#8220;Les pesticides, une atteinte grave \u00e0 l&#8217;environnement&#8221;<br>&#8211; Les Amis des abeilles, exposition<br>&#8211; Ceux qui nous nourrissent, exposition PNR<br>Presse disponible : Silence, L&#8217;Age de Faire, Cultures Bio et &#8220;La bio en questions&#8221;<\/p>\n\n\n\n<p class=\"has-accent-color has-text-color has-link-color wp-elements-ad30272b574bbbfa67411331e9a32561\"><strong><em>Les producteurs locaux<\/em><\/strong><\/p>\n\n\n\n<p>&#8211; Vin de Chinon, Baptiste, Sylvain et \u00c9milien<br>&#8211; Les paniers de la Salle, St\u00e9phane<br>&#8211; Poisson de Loire, Romain<br>&#8211; L\u00e9gumes et fruits, Marie-Laure AMAP Ligni\u00e8res de Touraine<br>&#8211; L\u00e9gumes et plantes aromatiques, Agn\u00e8s Les D\u00e9lices d\u2019Agn\u00e8s<br>&#8211; Pain, la Ferme de B\u00e9l\u00eatre<br>&#8211; Fromages, Les Bergers de la Veude<br>&#8211; Miel, Les Abeilles de Papae<br>&#8211; L\u00e9gumes secs et huiles, Vincent<\/p>\n\n\n\n<p><br><\/p>\n","protected":false},"excerpt":{"rendered":"","protected":false},"author":1,"featured_media":0,"parent":0,"menu_order":0,"comment_status":"closed","ping_status":"closed","template":"","meta":{"footnotes":""},"class_list":["post-118","page","type-page","status-publish","hentry","comments-off"],"_links":{"self":[{"href":"https:\/\/parlonsdedemain.net\/index.php\/wp-json\/wp\/v2\/pages\/118","targetHints":{"allow":["GET"]}}],"collection":[{"href":"https:\/\/parlonsdedemain.net\/index.php\/wp-json\/wp\/v2\/pages"}],"about":[{"href":"https:\/\/parlonsdedemain.net\/index.php\/wp-json\/wp\/v2\/types\/page"}],"author":[{"embeddable":true,"href":"https:\/\/parlonsdedemain.net\/index.php\/wp-json\/wp\/v2\/users\/1"}],"replies":[{"embeddable":true,"href":"https:\/\/parlonsdedemain.net\/index.php\/wp-json\/wp\/v2\/comments?post=118"}],"version-history":[{"count":10,"href":"https:\/\/parlonsdedemain.net\/index.php\/wp-json\/wp\/v2\/pages\/118\/revisions"}],"predecessor-version":[{"id":538,"href":"https:\/\/parlonsdedemain.net\/index.php\/wp-json\/wp\/v2\/pages\/118\/revisions\/538"}],"wp:attachment":[{"href":"https:\/\/parlonsdedemain.net\/index.php\/wp-json\/wp\/v2\/media?parent=118"}],"curies":[{"name":"wp","href":"https:\/\/api.w.org\/{rel}","templated":true}]}}