{"id":189,"date":"2025-10-15T19:59:58","date_gmt":"2025-10-15T17:59:58","guid":{"rendered":"https:\/\/parlonsdedemain.net\/?page_id=189"},"modified":"2025-12-29T16:55:06","modified_gmt":"2025-12-29T15:55:06","slug":"pcaet","status":"publish","type":"page","link":"https:\/\/parlonsdedemain.net\/index.php\/pcaet\/","title":{"rendered":"PCAET"},"content":{"rendered":"\n<h2 class=\"wp-block-heading\">Communaut\u00e9 de Communes Touraine Val de Vienne (CCTVV)<\/h2>\n\n\n\n<p>Une \u00e9tude, quelques r\u00e9unions plus tard pour beaucoup de papier mais peu de r\u00e9alisation.<br>Ci-dessous quelques points particulier qui soulignent le manque d&#8217;implication et d&#8217;ambition.<\/p>\n\n\n\n<p>Le dialogue suivant est tr\u00e8s int\u00e9ressant sur quelques aspects et montre la vacuit\u00e9 du programme de la CCTVV sur le PCAET.<\/p>\n\n\n\n<p class=\"has-black-color has-text-color has-link-color wp-elements-4fb9db6127960dfdfbcbed53863b06c1\"><strong>Avis du Pr\u00e9fet<\/strong><br>&#8220;Les choix strat\u00e9giques d\u00e9coulent d&#8217;un exercice de co-construction entre \u00e9lus et partenaires du territoire, ayant conduit \u00e0 l&#8217;identification d&#8217;axes prioritaires d&#8217;action par th\u00e9matique. Les ambitions chiffr\u00e9es retenues  aux horizons 2030 et 2050 s&#8217;av\u00e8rent bien en de\u00e7\u00e0 des objectifs nationaux ou r\u00e9gionaux, tant sur la r\u00e9duction des consommations d&#8217;\u00e9nergie (respectivement -8 % et -37% par rapport \u00e0 2012), la r\u00e9duction des \u00e9missions de gaz \u00e0 effet de serre (respectivement -6 % et -40 % par rapport \u00e0 2012), que sur la production d&#8217;\u00e9nergie renouvelable, sans que des justifications soient port\u00e9es en relation avec les potentiels pr\u00e9c\u00e9demment identifi\u00e9s.<br>Concernant le secteur du transport notamment, vous estimez qu&#8217;en 2050, la mobilit\u00e9 ne sera pas totalement<br>d\u00e9carbon\u00e9e (part de 25 % du parc de voitures fonctionnant \u00e0 l&#8217;\u00e9lectricit\u00e9). Cette hypoth\u00e8se, qui conduit \u00e0 une diminution des \u00e9missions de gaz \u00e0 effet de serre de 35 % seulement en 2050 pour ce secteur tranche avec le potentiel de r\u00e9duction de 85 % identifi\u00e9 page 113 du document diagnostic et reste en d\u00e9calage avec les orientations port\u00e9es par la Strat\u00e9gie Nationale Bas Carbone r\u00e9vis\u00e9e le 20 avril 2020. Vous justifiez ce positionnement par un retard accumul\u00e9 sur la p\u00e9riode 2014-2018, par une hausse pr\u00e9vue du trafic de l&#8217;autoroute A10, par des objectifs r\u00e9glementaires jug\u00e9s difficilement atteignables, ce qui semble en contradiction avec les nombreux leviers mobilisables explor\u00e9s par le plan d&#8217;actions.<\/p>\n\n\n\n<p class=\"has-accent-color has-text-color has-link-color wp-elements-764e54003ac602ded0e130b88828559a\"><strong>R\u00e9ponse de la CTVV<\/strong><br>Les objectifs de r\u00e9duction des consommations \u00e9nerg\u00e9tiques et des \u00e9missions de gaz \u00e0 effet de serre ont \u00e9t\u00e9 construits au regard des capacit\u00e9s de la collectivit\u00e9 et de ses partenaires \u00e0 intervenir aupr\u00e8s des diff\u00e9rents secteurs sur le territoire. Par exemple, il est difficile pour la Communaut\u00e9 de Communes Touraine Val de Vienne de s\u2019engager sur une d\u00e9carbonation totale du secteur des transports au regard des leviers d\u2019actions qui lui sont disponibles. De plus, les projections du trafic de l\u2019A10 sont issues des documents r\u00e9alis\u00e9s par VINCI dans le cadre du passage en 3*3 voies. N\u00e9anmoins, la CCTVV a bien int\u00e9gr\u00e9 que ces objectifs sont en de\u00e7\u00e0 de ceux du SRADDET et n\u2019h\u00e9sitera \u00e0 les revoir \u00e0 la hausse, en fonction des \u00e9volutions r\u00e9glementaires \u00e0 l\u2019\u00e9chelle nationale, lors de son prochain PCAET.<\/p>\n\n\n\n<p><strong>Avis du Pr\u00e9fet<\/strong><br>Les objectifs affich\u00e9s de d\u00e9veloppement des \u00e9nergies renouvelables (EnR) pour l&#8217;ensemble des fili\u00e8res sont \u00e9galement tr\u00e8s nettement insuffisants. Le manque de lien entre les potentiels de production relev\u00e9s dans le diagnostic et l&#8217;\u00e9volution de la production projet\u00e9e dans la strat\u00e9gie interroge et refl\u00e8te des difficult\u00e9s de prospective de votre part dans ce domaine. Le diagnostic identifie en effet que la consommation d&#8217;\u00e9nergie pourrait \u00eatre couverte \u00e0 117 % par la production d&#8217;EnR en mobilisant l&#8217;ensemble des fili\u00e8res, alors que votre strat\u00e9gie n&#8217;ambitionne qu&#8217;une couverture \u00e0 31 % en 2050 et seulement 9 % en 2030.<\/p>\n\n\n\n<p class=\"has-accent-color has-text-color has-link-color wp-elements-93acc427ac1a6c7ce557b9aa17c5106c\"><strong>R\u00e9ponse de la CCTVV<\/strong><br>Les objectifs de d\u00e9veloppement des \u00e9nergies renouvelables ont \u00e9t\u00e9 revus \u00e0 la hausse en int\u00e9grant notamment les projets en cours de d\u00e9veloppement sur le territoire. Ils seront appel\u00e9s \u00e0 \u00e9voluer notamment suite aux dispositions de la loi APER et la d\u00e9finition de ZAER.<\/p>\n\n\n\n<p class=\"has-black-color has-text-color has-link-color wp-elements-c05ccd6831874bcc0d3b03dc3917bfad\"><strong>Avis du Pr\u00e9fet<\/strong><br>La fili\u00e8re du grand \u00e9olien est sous exploit\u00e9e et ne tient pas compte des potentiels affich\u00e9s dans le diagnostic.<br>A l&#8217;horizon 2050, le mix \u00e9nerg\u00e9tique du territoire en mati\u00e8re d&#8217;\u00e9nergie renouvelable est principalement port\u00e9 par les fili\u00e8res bois \u00e9nergie, m\u00e9thanisation et solaire photovolta\u00efque. L&#8217;implication des collectivit\u00e9s et des citoyens aux projets de production d&#8217;\u00e9nergies renouvelables concourt souvent \u00e0 une meilleure int\u00e9gration de ces \u00e9nergies dans les territoires. Cet enjeu n&#8217;est pas relev\u00e9 dans votre strat\u00e9gie et le temps de concr\u00e9tisation des projets interroge.<\/p>\n\n\n\n<p class=\"has-accent-color has-text-color has-link-color wp-elements-ad7fc358fec6e9d4c06172be5e16d7cf\"><strong>R\u00e9ponse de la CCTVV<\/strong><br>Des temps de concertation sont pr\u00e9vus dans le cadre du d\u00e9veloppement des projets EnR avec notamment un choix de la CCTVV de favoriser le d\u00e9veloppement de projet dont la gouvernance pourrait \u00eatre citoyenne<br>(fiche action 26).<\/p>\n\n\n\n<p class=\"has-black-color has-text-color has-link-color wp-elements-1881c4598f48d043b5b27ffece139a0a\"><strong>Avis du Pr\u00e9fet <\/strong><br>Le programme d&#8217;action est construit pour la p\u00e9riode 2020-2025, autour de 28 actions. Je salue le travail de concertation qui s&#8217;est op\u00e9r\u00e9 au travers d&#8217;ateliers et d&#8217;une plateforme \u00e0 destination du public permettant de nourrir les diff\u00e9rentes actions. Il en r\u00e9sulte des fiches actions tr\u00e8s denses, regroupant plusieurs sous-actions<br>qui auraient pu faire l&#8217;objet d&#8217;une fiche propre. Les modalit\u00e9s de mise en \u0153uvre op\u00e9rationnelle de ces actions s&#8217;av\u00e8rent en effet peu d\u00e9taill\u00e9es. Certaines fiches rel\u00e8vent plut\u00f4t de l&#8217;\u00e9nonc\u00e9 d&#8217;objectifs, que d&#8217;actions \u00e0 d\u00e9ployer de mani\u00e8re op\u00e9rationnelle. Pour une bonne op\u00e9rationnalit\u00e9 des actions, il est n\u00e9cessaire que les moyens humains, qui rel\u00e8vent parfois d&#8217;une mobilisation de 0,05 \u00e0 0,2 ETP et du charg\u00e9 de mission PCAET, et les moyens financiers (fonctionnement et investissement) soient pr\u00e9cis\u00e9s clairement et renforc\u00e9s. Le PCAET devrait \u00e9galement identifier le pilote principal de l&#8217;action lorsque celle-ci s&#8217;appuie sur plusieurs acteurs du territoire, ou pr\u00e9ciser l&#8217;articulation entre ces acteurs.<\/p>\n\n\n\n<p class=\"has-accent-color has-text-color has-link-color wp-elements-a05292b1918bc5d106689ac3565214ae\"><strong>R\u00e9ponse de la CCTVV<\/strong><br>Nous pr\u00e9voyons un temps de travail pour renforcer la d\u00e9finition des actions et notamment :<br>&#8211; Pr\u00e9ciser les investissements et les moyens humains associ\u00e9<br>&#8211; Identifier l\u2019articulation entre les porteurs de projet.<\/p>\n\n\n\n<p><a href=\"https:\/\/www.cc-tvv.fr\/plan-climat-air-energie-territorial-pcaet\/\" target=\"_blank\" rel=\"noreferrer noopener\"><strong>La CCTVV et le PCAET<\/strong><\/a><\/p>\n\n\n\n<p><a href=\"https:\/\/www.cc-tvv.fr\/wp-content\/uploads\/2024\/04\/CCTVV_Reponse-Prefet.pdf\" target=\"_blank\" rel=\"noreferrer noopener\"><strong>Avis du Pr\u00e9fet et r\u00e9ponse de la CCTVV<\/strong><\/a><\/p>\n","protected":false},"excerpt":{"rendered":"","protected":false},"author":1,"featured_media":0,"parent":0,"menu_order":0,"comment_status":"closed","ping_status":"closed","template":"","meta":{"footnotes":""},"class_list":["post-189","page","type-page","status-publish","hentry","comments-off"],"_links":{"self":[{"href":"https:\/\/parlonsdedemain.net\/index.php\/wp-json\/wp\/v2\/pages\/189","targetHints":{"allow":["GET"]}}],"collection":[{"href":"https:\/\/parlonsdedemain.net\/index.php\/wp-json\/wp\/v2\/pages"}],"about":[{"href":"https:\/\/parlonsdedemain.net\/index.php\/wp-json\/wp\/v2\/types\/page"}],"author":[{"embeddable":true,"href":"https:\/\/parlonsdedemain.net\/index.php\/wp-json\/wp\/v2\/users\/1"}],"replies":[{"embeddable":true,"href":"https:\/\/parlonsdedemain.net\/index.php\/wp-json\/wp\/v2\/comments?post=189"}],"version-history":[{"count":12,"href":"https:\/\/parlonsdedemain.net\/index.php\/wp-json\/wp\/v2\/pages\/189\/revisions"}],"predecessor-version":[{"id":404,"href":"https:\/\/parlonsdedemain.net\/index.php\/wp-json\/wp\/v2\/pages\/189\/revisions\/404"}],"wp:attachment":[{"href":"https:\/\/parlonsdedemain.net\/index.php\/wp-json\/wp\/v2\/media?parent=189"}],"curies":[{"name":"wp","href":"https:\/\/api.w.org\/{rel}","templated":true}]}}