{"id":357,"date":"2025-11-11T12:21:41","date_gmt":"2025-11-11T11:21:41","guid":{"rendered":"https:\/\/parlonsdedemain.net\/?page_id=357"},"modified":"2026-01-21T19:28:11","modified_gmt":"2026-01-21T18:28:11","slug":"rencontres-2016","status":"publish","type":"page","link":"https:\/\/parlonsdedemain.net\/index.php\/rencontres-2016\/","title":{"rendered":"Rencontres 2016"},"content":{"rendered":"\n<p><a href=\"https:\/\/parlonsdedemain.net\/wp-content\/uploads\/2026\/01\/Les-Rencontres.mp4\" target=\"_blank\" rel=\"noreferrer noopener\"><strong>Les Rencontres 2016 en vid\u00e9o<\/strong><\/a><\/p>\n\n\n\n<div class=\"wp-block-media-text is-stacked-on-mobile is-vertically-aligned-center\" style=\"grid-template-columns:44% auto\"><figure class=\"wp-block-media-text__media\"><img loading=\"lazy\" decoding=\"async\" width=\"709\" height=\"1024\" src=\"https:\/\/parlonsdedemain.net\/wp-content\/uploads\/2025\/11\/affiche-2016-A4-709x1024.jpg\" alt=\"\" class=\"wp-image-358 size-full\" srcset=\"https:\/\/parlonsdedemain.net\/wp-content\/uploads\/2025\/11\/affiche-2016-A4-709x1024.jpg 709w, https:\/\/parlonsdedemain.net\/wp-content\/uploads\/2025\/11\/affiche-2016-A4-208x300.jpg 208w, https:\/\/parlonsdedemain.net\/wp-content\/uploads\/2025\/11\/affiche-2016-A4-768x1110.jpg 768w, https:\/\/parlonsdedemain.net\/wp-content\/uploads\/2025\/11\/affiche-2016-A4-1063x1536.jpg 1063w, https:\/\/parlonsdedemain.net\/wp-content\/uploads\/2025\/11\/affiche-2016-A4.jpg 1161w\" sizes=\"auto, (max-width: 709px) 100vw, 709px\" \/><\/figure><div class=\"wp-block-media-text__content\">\n<h4 class=\"wp-block-heading is-style-widget-title has-highlight-background-color has-background\" style=\"font-size:15px\"><strong>Samedi 23 juillet<\/strong> <\/h4>\n\n\n\n<p style=\"font-size:15px\"><strong>9h30 D\u00e9couverte du Puy Chauveau et&nbsp;de la Manse<\/strong>, <em>Delphine (technicienne de rivi\u00e8re)<\/em>, <a href=\"https:\/\/parlonsdedemain.net\/wp-content\/uploads\/2026\/01\/Les-Rencontres.mp4\" target=\"_blank\" rel=\"noreferrer noopener\"><strong>vid\u00e9o<\/strong><\/a><br><strong>12h Pique-nique tir\u00e9&nbsp; du sac, au caf\u00e9<\/strong><br><strong>14h30\/17h Rendez-vous th\u00e9matiques, salle des f\u00eates<\/strong><br>  &#8211; <strong>\u00ab&nbsp;Villes et villages en transition&nbsp;\u00bb<\/strong> <em>Pascal et Marc (associations Transition Brenne, Parlons de Demain)<\/em><br>  &#8211; <strong>\u00ab&nbsp;Production photovolta\u00efque et autonomie \u00e9nerg\u00e9tique\u00bb,<\/strong> <em>Fr\u00e9d\u00e9ric (\u00c9nergie Citoyenne en Touraine) <\/em>&#8211;<strong>&nbsp;19h \u00ab&nbsp;Soir\u00e9e d\u00e9tente&nbsp;\u00bb <\/strong>: <strong>Les d\u00e9lices du caf\u00e9 \u00e9ph\u00e9m\u00e8re, chants et musique<\/strong><\/p>\n\n\n\n<p class=\"has-highlight-background-color has-background\" style=\"font-size:15px\"><strong>Dimanche 24 juillet<\/strong><\/p>\n\n\n\n<p style=\"font-size:15px\"><strong>9h30 Les Roches Tranchelion,&nbsp; patrimoine et nature<\/strong>, <em>Jean-Claude et Michel<\/em><br><strong>12h Pique-nique tir\u00e9&nbsp; du sac, au caf\u00e9<\/strong><br><strong><strong>14h30 \u00e0 17h30<\/strong><\/strong> <strong>conf\u00e9rences<\/strong> :<br>&#8211; <strong>\u00ab&nbsp;Souverainet\u00e9&nbsp; alimentaire \u00bb <\/strong><em>Les Jardiniers des Hucherolles<\/em><br>&#8211; <strong>\u00ab&nbsp;La Gabare<strong>\u00bb<\/strong>, <\/strong><em>monnaie locale de Touraine&nbsp;<\/em><br><\/p>\n<\/div><\/div>\n\n\n\n<p><strong>Stands partenaires et amis<\/strong><br>&#8211; <a href=\"https:\/\/www.les-pecheries-ligeriennes.fr\/\" target=\"_blank\" rel=\"noreferrer noopener\"><strong>Les p\u00eacheries lig\u00e9riennes<\/strong><\/a><br>&#8211; <a href=\"https:\/\/www.facebook.com\/profile.php?id=100093313128532\" target=\"_blank\" rel=\"noreferrer noopener\"><strong>La ferme de Bel\u00eatre<\/strong><\/a><br>&#8211; <em><a href=\"https:\/\/oasiscravantaise.jimdofree.com\/\" target=\"_blank\" rel=\"noreferrer noopener\"><strong>Oasis Cravantaise<\/strong><\/a><\/em><br>&#8211; <em><a href=\"https:\/\/lagrangedelaveau.wordpress.com\/\" target=\"_blank\" rel=\"noreferrer noopener\"><strong>Nature Cr\u00e9ative<\/strong><\/a><\/em><br>&#8211; <strong><a href=\"https:\/\/www.youtube.com\/watch?v=CAtdCNbmHGg&amp;t=8s\" target=\"_blank\" rel=\"noreferrer noopener\">Monnaie locale \u00ab\u00a0la Gabare\u00a0\u00bb<\/a><\/strong><br>&#8211; <a href=\"https:\/\/www.facebook.com\/mfiszbin\/\" target=\"_blank\" rel=\"noreferrer noopener\"><strong>Les jardiniers des Hucherolles<\/strong><\/a><br>&#8211; <a href=\"https:\/\/www.facebook.com\/people\/Peuples-Solidaires-Touraine\/100069844177870\/\" target=\"_blank\" rel=\"noreferrer noopener\"><em><strong>Peuples solidaires<\/strong><\/em><\/a><br>&#8211; <em>La Recycle\u2019rit<\/em><\/p>\n","protected":false},"excerpt":{"rendered":"","protected":false},"author":1,"featured_media":0,"parent":0,"menu_order":0,"comment_status":"closed","ping_status":"closed","template":"","meta":{"footnotes":""},"class_list":["post-357","page","type-page","status-publish","hentry","comments-off"],"_links":{"self":[{"href":"https:\/\/parlonsdedemain.net\/index.php\/wp-json\/wp\/v2\/pages\/357","targetHints":{"allow":["GET"]}}],"collection":[{"href":"https:\/\/parlonsdedemain.net\/index.php\/wp-json\/wp\/v2\/pages"}],"about":[{"href":"https:\/\/parlonsdedemain.net\/index.php\/wp-json\/wp\/v2\/types\/page"}],"author":[{"embeddable":true,"href":"https:\/\/parlonsdedemain.net\/index.php\/wp-json\/wp\/v2\/users\/1"}],"replies":[{"embeddable":true,"href":"https:\/\/parlonsdedemain.net\/index.php\/wp-json\/wp\/v2\/comments?post=357"}],"version-history":[{"count":10,"href":"https:\/\/parlonsdedemain.net\/index.php\/wp-json\/wp\/v2\/pages\/357\/revisions"}],"predecessor-version":[{"id":551,"href":"https:\/\/parlonsdedemain.net\/index.php\/wp-json\/wp\/v2\/pages\/357\/revisions\/551"}],"wp:attachment":[{"href":"https:\/\/parlonsdedemain.net\/index.php\/wp-json\/wp\/v2\/media?parent=357"}],"curies":[{"name":"wp","href":"https:\/\/api.w.org\/{rel}","templated":true}]}}