{"id":45,"date":"2025-09-22T18:02:25","date_gmt":"2025-09-22T16:02:25","guid":{"rendered":"https:\/\/parlonsdedemain.net\/?page_id=45"},"modified":"2026-01-23T16:39:00","modified_gmt":"2026-01-23T15:39:00","slug":"les-rencontres-2013","status":"publish","type":"page","link":"https:\/\/parlonsdedemain.net\/index.php\/les-rencontres-2013\/","title":{"rendered":"Les Rencontres 2013"},"content":{"rendered":"\n<p><a href=\"https:\/\/www.lanouvellerepublique.fr\/indre-et-loire\/commune\/avon-les-roches\/rencontres-bouchardaises-sur-les-questions-d-avenir\" target=\"_blank\" rel=\"noreferrer noopener\">La Nouvelle R\u00e9publique du 18\/08\/2013<\/a>, <a href=\"https:\/\/www.lanouvellerepublique.fr\/indre-et-loire\/commune\/l-ile-bouchard\/au-programme-des-rencontres-du-bouchardais\" target=\"_blank\" rel=\"noreferrer noopener\">La Nouvelle R\u00e9puublique du 14\/08\/2013<\/a><\/p>\n\n\n\n<p><strong>Les Rencontres du Bouchardais<\/strong> : trois jours de d\u00e9tente, d&#8217;information et de partage en Touraine au c\u0153ur du Parc Naturel R\u00e9gional Loire-Anjou-Touraine, les 15, 16 et 17 ao\u00fbt 2013<br>Avec le soutien de :<\/p>\n\n\n\n<p>&#8211; la Communaut\u00e9 de Communes du Bouchardais,<br>&#8211; l&#8217;Office de Tourisme du Bouchardais, <br>&#8211; l&#8217;Association des Vignerons de Panzoult, <br>&#8211; le Mus\u00e9e du Bouchardais<br>&#8211; l&#8217;Association Eki&#8217;Libre de l\u2019\u00c9cole des Mines de Nantes.<br>&#8211; En partenariat avec l&#8217;ALE37 et le Parc naturel r\u00e9gional Loire-Anjou-Touraine.<br><br>Contacts : L\u00e9o Mauvy \u00e9l\u00e8ve ing\u00e9nieur auteur du projet : leo.mauvy@laposte.net<br><br><strong>Pr\u00e9sentation de l&#8217;\u00e9v\u00e9nement<\/strong><br>&#8220;Parlons de Demain&#8221; a r\u00e9uni des \u00e9tudiants de formations diverses, rassembl\u00e9s par un d\u00e9sir d\u2019\u00e9changes et de r\u00e9flexions collective sur le monde dans lequel ils \u00e9volueront dans les ann\u00e9es \u00e0 venir.<br>Constitu\u00e9 en partenariat avec l\u2019office de tourisme, cet \u00e9v\u00e8nement entre dans le cadre d\u2019une exp\u00e9rience de tourisme durable. Il propose un parcours de r\u00e9flexion et d\u2019action mettant en r\u00e9sonance, des acteurs locaux, un groupe m\u00e9diateur et le public.<br>Guid\u00e9 par le groupe d\u2019\u00e9tudiants le public est amen\u00e9 \u00e0 d\u00e9couvrir les grandes questions de demain : danger du r\u00e9chauffement climatique sur la vigne, impact environnemental d\u2019une centrale solaire ou encore probl\u00e8mes de l&#8217;eau autour d\u2019une r\u00e9flexion sur la Vienne et le bassin de la Manse.<br>L\u2019agriculture, l\u2019\u00e9nergie et l\u2019eau sont des fondamentaux de la vie humaine et ils poss\u00e8dent une empreinte importante sur le paysage local. <br><strong>L&#8217;organisation<br><\/strong>L\u2019\u00e9v\u00e9nement est pr\u00e9vu sur trois journ\u00e9es les 15, 16 et 17 ao\u00fbt. Les activit\u00e9s ont altern\u00e9 des phases grand public et des phases \u00e0 public plus restreint (sur inscription). Les participants \u00e9taient r\u00e9partis en 2 ensembles :<br>&#8211; <strong><em>Le groupe d\u2019animation<\/em><\/strong> : Constitu\u00e9 d\u2019environ une vingtaine de personnes. Les membres sont pr\u00e9sents sur les trois journ\u00e9es, ils participent activement aux animations ainsi qu\u2019au fonctionnement logistique (aide \u00e0 la pr\u00e9paration, transport, logement\u2026). Sur un accord &#8220;pens\u00e9es contre nuit\u00e9es&#8221;, ils sont charg\u00e9s de la production de m\u00e9moires (photos, dessins, \u00e9crits, films,\u2026) en \u00e9change de l\u2019h\u00e9bergement et de la nourriture.<br>&#8211; <strong><em>Le public<\/em><\/strong> : Il s\u2019agit d&#8217;habitants et de touristes int\u00e9ress\u00e9s \u00e0 participer \u00e0 certaines des activit\u00e9s ayant pour objet de leurs faire d\u00e9couvrir les th\u00e8mes des journ\u00e9es et les r\u00e9flexions qui peuvent en \u00e9merger.<br><strong>Le programme<\/strong><br><strong><em>Jeudi 15 ao\u00fbt :<\/em><\/strong> Visites et partage<br>&#8211; 9h30-12h : Tourisme entre Vienne et Manse. Ballade partant du Mus\u00e9e du Bouchardais, cette marche nous guidera sur les chemins de la Vienne et de la Manse pour parler des eaux en Bouchardais.<br>-15h-16h00 : <a href=\"https:\/\/youtu.be\/p9-s8FehIBc\" target=\"_blank\" rel=\"noreferrer noopener\"><strong>Visite au Moulin de Saussaye<\/strong><\/a> (production d\u2019\u00e9lectricit\u00e9, traitement de l\u2019eau)<br>&#8211; 17h-19h30 : &#8220;Des abeilles et des hommes&#8221; suivi d\u2019un <a href=\"https:\/\/youtu.be\/SCM5qnq4wHQ\" target=\"_blank\" rel=\"noreferrer noopener\"><strong>\u00e9change avec<\/strong><\/a> Philippe, apiculteur <br>&#8211; 21h-23h : Spectacle d&#8217;improvisation au Prieur\u00e9 St L\u00e9onard.<\/p>\n\n\n\n<p><strong><em>Vendredi 16 ao\u00fbt<\/em><\/strong> : Nouvelles pratiques, nouvel impact sur l&#8217;environnement<br>&#8211; 9h30-12h00 : La ferme solaire, promenade jusqu\u2019\u00e0 la centrale photovolta\u00efque d\u2019Avon-les-Roches, pr\u00e9sentation du projet et de l\u2019impact environnemental, suivi d\u2019un \u00e9change. <a href=\"https:\/\/www.lanouvellerepublique.fr\/indre-et-loire\/commune\/avon-les-roches\/l-impact-de-la-centrale-solaire\" target=\"_blank\" rel=\"noreferrer noopener\">Article de La Nouvelle R\u00e9publique <\/a><br>&#8211; 12h00-15h00 : Buffet convivial, \u00e9change sur l\u2019homme transformateur des territoires<br>&#8211; 17h30-19h : La sobri\u00e9t\u00e9 \u00e9nerg\u00e9tique, est-ce pour tout le monde ? ALE37<br>&#8211; 19h-22h : Un soir au bord de l\u2019eau, apr\u00e8s l\u2019\u00e9change de savoir, vient l\u2019heure de l\u2019\u00e9change de joie de vivre sur les rives de la Vienne pour une soir\u00e9e guinguette, caf\u00e9 citoyen et musique.<\/p>\n\n\n\n<p><strong><em>Samedi 17 ao\u00fbt<\/em><\/strong> : L\u2019avenir d\u2019une ressource symbolique<br>Cette journ\u00e9e est consacr\u00e9e \u00e0 une ressource renomm\u00e9e de la Touraine, la vigne. Entre hommage \u00e0 Rabelais et projection d\u2019avenir pour le vin, rencontres en compagnie des vignerons.<br>&#8211; 9h30-12h : Marche de la Sybille, introduction rabelaisienne sur les traces d\u2019un Panurge, jusqu\u2019\u00e0 la <a href=\"https:\/\/youtu.be\/RQkHcDhoMg8\" target=\"_blank\" rel=\"noreferrer noopener\"><strong>grotte de la Sybille<\/strong><\/a> de Panzoult, ch\u00e8re \u00e0 Rabelais.<br>&#8211; 11h-16h30 : March\u00e9 local et animations autour de la cave de Panzoult. <a href=\"https:\/\/parlonsdedemain.net\/wp-content\/uploads\/2026\/01\/cave-de-Panzoult.mp4\" target=\"_blank\" rel=\"noreferrer noopener\"><strong>Visite de la cave<\/strong><\/a>, d\u00e9gustation de vin et de produits locaux, rencontre avec le PNR Anjou Touraine .<br>&#8211; 17h-19h : Le changement climatique et la vigne, adaptation de la viticulture au changement climatique.<br>&#8211; 19h-22h30 : Soir\u00e9e troglodyte festive pour cl\u00f4turer les trois jours d\u2019\u00e9change, fouaces pour tous.<br><br><strong>Les intervenants et conf\u00e9renciers<\/strong><br>Jonathan Leproult, technicien de rivi\u00e8res animateur du bassin de la Manse &#8220;Des eaux et des hommes&#8221;<br>Bruno Meunier, agriculteur g\u00e9rant du Moulin de Saussaye &#8220;Autonomie \u00e9nerg\u00e9tique&#8221;<br>Philippe Laubigeau, apiculteur &#8220;Des abeilles et des hommes&#8221; film<br>Michel Meneau, agriculteur \u00e9crivain, &#8220;L&#8217;homme transformateur des territoires&#8221;<br>L\u00e9o Mauvy \u00e9l\u00e8ve ing\u00e9nieur \u00c9cole des Mines de Nantes, &#8220;Impact de la ferme solaire sur l\u2019environnement&#8221;<br>J\u00e9r\u00f4me Roch, directeur ALE37, &#8220;La sobri\u00e9t\u00e9 \u00e9nerg\u00e9tique est-ce pour tout le monde?&#8221;<br>\u00c9tienne Neethling, doctorant au sein de l&#8217;unit\u00e9 vigne et vin \u00e0 l&#8217;INRA d&#8217;Angers, &#8220;Adaptation de la viticulture au changement climatique&#8221;.<\/p>\n","protected":false},"excerpt":{"rendered":"","protected":false},"author":1,"featured_media":0,"parent":0,"menu_order":0,"comment_status":"closed","ping_status":"closed","template":"","meta":{"footnotes":""},"class_list":["post-45","page","type-page","status-publish","hentry","comments-off"],"_links":{"self":[{"href":"https:\/\/parlonsdedemain.net\/index.php\/wp-json\/wp\/v2\/pages\/45","targetHints":{"allow":["GET"]}}],"collection":[{"href":"https:\/\/parlonsdedemain.net\/index.php\/wp-json\/wp\/v2\/pages"}],"about":[{"href":"https:\/\/parlonsdedemain.net\/index.php\/wp-json\/wp\/v2\/types\/page"}],"author":[{"embeddable":true,"href":"https:\/\/parlonsdedemain.net\/index.php\/wp-json\/wp\/v2\/users\/1"}],"replies":[{"embeddable":true,"href":"https:\/\/parlonsdedemain.net\/index.php\/wp-json\/wp\/v2\/comments?post=45"}],"version-history":[{"count":35,"href":"https:\/\/parlonsdedemain.net\/index.php\/wp-json\/wp\/v2\/pages\/45\/revisions"}],"predecessor-version":[{"id":622,"href":"https:\/\/parlonsdedemain.net\/index.php\/wp-json\/wp\/v2\/pages\/45\/revisions\/622"}],"wp:attachment":[{"href":"https:\/\/parlonsdedemain.net\/index.php\/wp-json\/wp\/v2\/media?parent=45"}],"curies":[{"name":"wp","href":"https:\/\/api.w.org\/{rel}","templated":true}]}}